{"version":"1.0","provider_name":"Hashtag.al","provider_url":"https:\/\/www.hashtag.al","title":"\"Mos p\u00ebllit more\", debati Rama-Basha: Ministret i vendose me urdh\u00ebr t\u00eb oligark\u00ebve","type":"rich","width":600,"height":338,"html":"<blockquote class=\"wp-embedded-content\" data-secret=\"3z6ZgILyTM\"><a href=\"https:\/\/www.hashtag.al\/index.php\/2019\/01\/21\/267586\/\">&#8220;Mos p\u00ebllit more&#8221;, debati Rama-Basha: Ministret i vendose me urdh\u00ebr t\u00eb oligark\u00ebve<\/a><\/blockquote><iframe sandbox=\"allow-scripts\" security=\"restricted\" src=\"https:\/\/www.hashtag.al\/index.php\/2019\/01\/21\/267586\/embed\/#?secret=3z6ZgILyTM\" width=\"600\" height=\"338\" title=\"&#8220;&#8220;Mos p\u00ebllit more&#8221;, debati Rama-Basha: Ministret i vendose me urdh\u00ebr t\u00eb oligark\u00ebve&#8221; &#8212; Hashtag.al\" data-secret=\"3z6ZgILyTM\" frameborder=\"0\" marginwidth=\"0\" marginheight=\"0\" scrolling=\"no\" class=\"wp-embedded-content\"><\/iframe><script type=\"text\/javascript\">\n\/* <![CDATA[ *\/\n\/*! This file is auto-generated *\/\n!function(d,l){\"use strict\";l.querySelector&&d.addEventListener&&\"undefined\"!=typeof URL&&(d.wp=d.wp||{},d.wp.receiveEmbedMessage||(d.wp.receiveEmbedMessage=function(e){var t=e.data;if((t||t.secret||t.message||t.value)&&!\/[^a-zA-Z0-9]\/.test(t.secret)){for(var s,r,n,a=l.querySelectorAll('iframe[data-secret=\"'+t.secret+'\"]'),o=l.querySelectorAll('blockquote[data-secret=\"'+t.secret+'\"]'),c=new RegExp(\"^https?:$\",\"i\"),i=0;i<o.length;i++)o[i].style.display=\"none\";for(i=0;i<a.length;i++)s=a[i],e.source===s.contentWindow&&(s.removeAttribute(\"style\"),\"height\"===t.message?(1e3<(r=parseInt(t.value,10))?r=1e3:~~r<200&&(r=200),s.height=r):\"link\"===t.message&&(r=new URL(s.getAttribute(\"src\")),n=new URL(t.value),c.test(n.protocol))&&n.host===r.host&&l.activeElement===s&&(d.top.location.href=t.value))}},d.addEventListener(\"message\",d.wp.receiveEmbedMessage,!1),l.addEventListener(\"DOMContentLoaded\",function(){for(var e,t,s=l.querySelectorAll(\"iframe.wp-embedded-content\"),r=0;r<s.length;r++)(t=(e=s[r]).getAttribute(\"data-secret\"))||(t=Math.random().toString(36).substring(2,12),e.src+=\"#?secret=\"+t,e.setAttribute(\"data-secret\",t)),e.contentWindow.postMessage({message:\"ready\",secret:t},\"*\")},!1)))}(window,document);\n\/\/# sourceURL=https:\/\/www.hashtag.al\/wp-includes\/js\/wp-embed.min.js\n\/* ]]> *\/\n<\/script>\n","thumbnail_url":"https:\/\/www.hashtag.al\/wp-content\/uploads\/2018\/12\/basha3.png","thumbnail_width":962,"thumbnail_height":564,"description":"Kreu i PD-s\u00eb Lulzim Basha gjat\u00eb fjal\u00ebs s\u00eb tij n\u00eb parlament sot ka deklaruar se ministret e reja t\u00eb Ram\u00ebs p\u00ebrfaq\u00ebsojn\u00eb interesat e kryeministrit. Basha \u00ebsht\u00eb shprehur se ato jan\u00eb vendosur nga Rama me urdh\u00ebr t\u00eb oligark\u00ebve.\u00a0"}